{"id":157,"date":"2022-11-24T12:09:46","date_gmt":"2022-11-24T12:09:46","guid":{"rendered":"https:\/\/arkitekti-im.com\/?page_id=157"},"modified":"2022-12-01T09:03:43","modified_gmt":"2022-12-01T09:03:43","slug":"rregullore-e-pergjithshme-per-mbrojtjen-e-te-dhenave","status":"publish","type":"page","link":"https:\/\/arkitekti-im.com\/sq\/rregullore-e-pergjithshme-per-mbrojtjen-e-te-dhenave\/","title":{"rendered":"GDRP"},"content":{"rendered":"\t\t<div data-elementor-type=\"wp-page\" data-elementor-id=\"157\" class=\"elementor elementor-157\" data-elementor-post-type=\"page\">\n\t\t\t\t\t\t<section class=\"elementor-section elementor-top-section elementor-element elementor-element-22f3b60e elementor-section-full_width elementor-section-height-default elementor-section-height-default\" data-id=\"22f3b60e\" data-element_type=\"section\" data-e-type=\"section\" data-settings=\"{&quot;jet_parallax_layout_list&quot;:[]}\">\n\t\t\t\t\t\t<div class=\"elementor-container elementor-column-gap-default\">\n\t\t\t\t\t<div class=\"elementor-column elementor-col-100 elementor-top-column elementor-element elementor-element-302b8e8e\" data-id=\"302b8e8e\" data-element_type=\"column\" data-e-type=\"column\">\n\t\t\t<div class=\"elementor-widget-wrap elementor-element-populated\">\n\t\t\t\t\t\t<section class=\"elementor-section elementor-inner-section elementor-element elementor-element-2146658b elementor-section-boxed elementor-section-height-default elementor-section-height-default\" data-id=\"2146658b\" data-element_type=\"section\" data-e-type=\"section\" data-settings=\"{&quot;jet_parallax_layout_list&quot;:[]}\">\n\t\t\t\t\t\t<div class=\"elementor-container elementor-column-gap-default\">\n\t\t\t\t\t<div class=\"elementor-column elementor-col-100 elementor-inner-column elementor-element elementor-element-539cc5d\" data-id=\"539cc5d\" data-element_type=\"column\" data-e-type=\"column\">\n\t\t\t<div class=\"elementor-widget-wrap elementor-element-populated\">\n\t\t\t\t\t\t<div class=\"elementor-element elementor-element-17b1e819 elementor-widget elementor-widget-heading\" data-id=\"17b1e819\" data-element_type=\"widget\" data-e-type=\"widget\" data-widget_type=\"heading.default\">\n\t\t\t\t<div class=\"elementor-widget-container\">\n\t\t\t\t\t<h2 class=\"elementor-heading-title elementor-size-default\">Rregullore e P\u00ebrgjithshme P\u00ebr Mbrojtjen e t\u00eb Dh\u00ebnave P\u00ebr Arkitekti Im<\/h2>\t\t\t\t<\/div>\n\t\t\t\t<\/div>\n\t\t\t\t<div class=\"elementor-element elementor-element-73081acf elementor-widget elementor-widget-text-editor\" data-id=\"73081acf\" data-element_type=\"widget\" data-e-type=\"widget\" data-widget_type=\"text-editor.default\">\n\t\t\t\t<div class=\"elementor-widget-container\">\n\t\t\t\t\t\t\t\t\tN\u00eb Arkitekti Im, i aksesuesh\u00ebm nga <a href=\"https:\/\/https:\/\/arkitekti-im.com\/politika-e-privatesise\/\">https:\/\/arkitekti-im.com\/<\/a>, nj\u00eb nga prioritetet tona kryesore \u00ebsht\u00eb privat\u00ebsia e vizitor\u00ebve tan\u00eb. Ky dokument <a href=\"https:\/\/arkitekti-im.com\/privacy-policy\">Politika e privat\u00ebsis\u00eb<\/a> p\u00ebrmban lloje t\u00eb informacionit q\u00eb mblidhet dhe regjistrohet nga Arkitekti Im dhe si e p\u00ebrdorim at\u00eb.\n\n\n<span style=\"font-style: inherit; font-weight: inherit; color: var( --e-global-color-secondary ); background-color: var( --e-global-color-d1223c6 );\">If you have additional questions or require more information about our Privacy Policy, do not hesitate to contact us.<\/span>\t\t\t\t\t\t\t\t<\/div>\n\t\t\t\t<\/div>\n\t\t\t\t<div class=\"elementor-element elementor-element-703c586f elementor-widget elementor-widget-heading\" data-id=\"703c586f\" data-element_type=\"widget\" data-e-type=\"widget\" data-widget_type=\"heading.default\">\n\t\t\t\t<div class=\"elementor-widget-container\">\n\t\t\t\t\t<h3 class=\"elementor-heading-title elementor-size-default\">Rregullore e P\u00ebrgjithshme P\u00ebr Mbrojtjen e t\u00eb Dh\u00ebnave (GDPR)<\/h3>\t\t\t\t<\/div>\n\t\t\t\t<\/div>\n\t\t\t\t<div class=\"elementor-element elementor-element-2982209f elementor-widget elementor-widget-text-editor\" data-id=\"2982209f\" data-element_type=\"widget\" data-e-type=\"widget\" data-widget_type=\"text-editor.default\">\n\t\t\t\t<div class=\"elementor-widget-container\">\n\t\t\t\t\t\t\t\t\tNe jemi nj\u00eb kontrollues i t\u00eb dh\u00ebnave t\u00eb informacionit tuaj.\n\nBaza ligjore Arkitekti Im p\u00ebr mbledhjen dhe p\u00ebrdorimin e informacionit personal t\u00eb p\u00ebrshkruar n\u00eb k\u00ebt\u00eb Politik\u00eb t\u00eb Privat\u00ebsis\u00eb varet nga Informacioni Personal q\u00eb mbledhim dhe konteksti specifik n\u00eb t\u00eb cilin mbledhim informacionin:\n<ul>\n <li>Arkitekti M\u00eb duhet t\u00eb kryej nj\u00eb kontrat\u00eb me ju<\/li>\n <li>Ju keni dh\u00ebn\u00eb leje Arkitekti Im p\u00ebr ta b\u00ebr\u00eb k\u00ebt\u00eb<\/li>\n <li>P\u00ebrpunimi i t\u00eb dh\u00ebnave tuaja personale \u00ebsht\u00eb n\u00eb Arkitekti n\u00eb interesa legjitime<\/li>\n <li>Arkitekti M\u00eb duhet t\u00eb respektoj ligjin<\/li>\n<\/ul>\nArkitekti Im do t\u00eb ruaj\u00eb informacionin tuaj personal vet\u00ebm p\u00ebr aq koh\u00eb sa \u00ebsht\u00eb e nevojshme p\u00ebr q\u00ebllimet e p\u00ebrcaktuara n\u00eb k\u00ebt\u00eb Politik\u00eb t\u00eb Privat\u00ebsis\u00eb. Ne do t\u00eb ruajm\u00eb dhe p\u00ebrdorim informacionin tuaj n\u00eb mas\u00ebn e nevojshme p\u00ebr t\u00eb p\u00ebrmbushur detyrimet tona ligjore, p\u00ebr t\u00eb zgjidhur mosmarr\u00ebveshjet dhe p\u00ebr t\u00eb zbatuar politikat tona.\n\nN\u00ebse jeni banor i Zon\u00ebs Ekonomike Evropiane (ZEE), keni t\u00eb drejta t\u00eb caktuara p\u00ebr mbrojtjen e t\u00eb dh\u00ebnave. N\u00ebse d\u00ebshironi t\u00eb informoheni se \u00e7far\u00eb Informacioni Personal mbajm\u00eb p\u00ebr ju dhe n\u00ebse d\u00ebshironi q\u00eb ato t\u00eb hiqen nga sistemet tona, ju lutemi na kontaktoni.\n\nN\u00eb rrethana t\u00eb caktuara, ju keni t\u00eb drejtat e m\u00ebposhtme p\u00ebr mbrojtjen e t\u00eb dh\u00ebnave:\n<ul>\n <li>E drejta p\u00ebr t\u00eb hyr\u00eb, p\u00ebrdit\u00ebsuar ose p\u00ebr t\u00eb fshir\u00eb informacionin q\u00eb kemi p\u00ebr ju.<\/li>\n <li>E drejta e korrigjimit.<\/li>\n <li>E drejta p\u00ebr t\u00eb kund\u00ebrshtuar.<\/li>\n <li>E drejta e kufizimit.<\/li>\n <li>E drejta p\u00ebr transportueshm\u00ebri t\u00eb t\u00eb dh\u00ebnave<\/li>\n <li>E drejta p\u00ebr t\u00eb t\u00ebrhequr p\u00eblqimin<\/li>\n<\/ul>\t\t\t\t\t\t\t\t<\/div>\n\t\t\t\t<\/div>\n\t\t\t\t<div class=\"elementor-element elementor-element-7674e275 elementor-widget elementor-widget-heading\" data-id=\"7674e275\" data-element_type=\"widget\" data-e-type=\"widget\" data-widget_type=\"heading.default\">\n\t\t\t\t<div class=\"elementor-widget-container\">\n\t\t\t\t\t<h3 class=\"elementor-heading-title elementor-size-default\">Skedar\u00ebt e Regjistrit<\/h3>\t\t\t\t<\/div>\n\t\t\t\t<\/div>\n\t\t\t\t<div class=\"elementor-element elementor-element-5fd2ed90 elementor-widget elementor-widget-text-editor\" data-id=\"5fd2ed90\" data-element_type=\"widget\" data-e-type=\"widget\" data-widget_type=\"text-editor.default\">\n\t\t\t\t<div class=\"elementor-widget-container\">\n\t\t\t\t\t\t\t\t\tArkitekti Im ndjek nj\u00eb procedur\u00eb standarde t\u00eb p\u00ebrdorimit t\u00eb skedar\u00ebve log. K\u00ebta skedar\u00eb regjistrojn\u00eb vizitor\u00ebt kur vizitojn\u00eb faqet e internetit. T\u00eb gjitha kompanit\u00eb prit\u00ebse e b\u00ebjn\u00eb k\u00ebt\u00eb dhe nj\u00eb pjes\u00eb e analitik\u00ebs s\u00eb sh\u00ebrbimeve t\u00eb pritjes. Informacioni i mbledhur nga skedar\u00ebt e regjistrave p\u00ebrfshin adresat e protokollit t\u00eb internetit (IP), llojin e shfletuesit, Ofruesin e Sh\u00ebrbimit t\u00eb Internetit (ISP), vul\u00ebn e dat\u00ebs dhe or\u00ebs, faqet referuese\/dal\u00ebse dhe mund\u00ebsisht numrin e klikimeve. K\u00ebto nuk jan\u00eb t\u00eb lidhura me asnj\u00eb informacion q\u00eb \u00ebsht\u00eb personalisht i identifikuesh\u00ebm. Q\u00ebllimi i informacionit \u00ebsht\u00eb analizimi i tendencave, administrimi i faqes, gjurmimi i l\u00ebvizjes s\u00eb p\u00ebrdoruesve n\u00eb faqen e internetit dhe mbledhja e informacionit demografik.\t\t\t\t\t\t\t\t<\/div>\n\t\t\t\t<\/div>\n\t\t\t\t<div class=\"elementor-element elementor-element-684ccd1d elementor-widget elementor-widget-heading\" data-id=\"684ccd1d\" data-element_type=\"widget\" data-e-type=\"widget\" data-widget_type=\"heading.default\">\n\t\t\t\t<div class=\"elementor-widget-container\">\n\t\t\t\t\t<h2 class=\"elementor-heading-title elementor-size-default\">Cookies dhe Fener\u00ebt e Uebit\n<\/h2>\t\t\t\t<\/div>\n\t\t\t\t<\/div>\n\t\t\t\t<div class=\"elementor-element elementor-element-70bbbb41 elementor-widget elementor-widget-text-editor\" data-id=\"70bbbb41\" data-element_type=\"widget\" data-e-type=\"widget\" data-widget_type=\"text-editor.default\">\n\t\t\t\t<div class=\"elementor-widget-container\">\n\t\t\t\t\t\t\t\t\tSi \u00e7do uebsajt tjet\u00ebr, Arkitekti Im p\u00ebrdor &#8216;cookies&#8217;. K\u00ebto cookie p\u00ebrdoren p\u00ebr t\u00eb ruajtur informacione duke p\u00ebrfshir\u00eb preferencat e vizitor\u00ebve dhe faqet n\u00eb faqen e internetit q\u00eb vizitori ka aksesuar ose vizituar. Informacioni p\u00ebrdoret p\u00ebr t\u00eb optimizuar p\u00ebrvoj\u00ebn e p\u00ebrdoruesve duke personalizuar p\u00ebrmbajtjen e faqes son\u00eb t\u00eb internetit bazuar n\u00eb llojin e shfletuesit t\u00eb vizitor\u00ebve dhe\/ose informacione t\u00eb tjera.\t\t\t\t\t\t\t\t<\/div>\n\t\t\t\t<\/div>\n\t\t\t\t<div class=\"elementor-element elementor-element-29398284 elementor-widget elementor-widget-heading\" data-id=\"29398284\" data-element_type=\"widget\" data-e-type=\"widget\" data-widget_type=\"heading.default\">\n\t\t\t\t<div class=\"elementor-widget-container\">\n\t\t\t\t\t<h2 class=\"elementor-heading-title elementor-size-default\">Politikat e Privat\u00ebsis\u00eb<\/h2>\t\t\t\t<\/div>\n\t\t\t\t<\/div>\n\t\t\t\t<div class=\"elementor-element elementor-element-6d0dfa9c elementor-widget elementor-widget-text-editor\" data-id=\"6d0dfa9c\" data-element_type=\"widget\" data-e-type=\"widget\" data-widget_type=\"text-editor.default\">\n\t\t\t\t<div class=\"elementor-widget-container\">\n\t\t\t\t\t\t\t\t\tJu mund t\u00eb konsultoni k\u00ebt\u00eb list\u00eb p\u00ebr t\u00eb gjetur Politik\u00ebn e Privat\u00ebsis\u00eb p\u00ebr secilin prej partner\u00ebve reklamues t\u00eb Arkitekti Im.\n<br> <br>\nServer\u00ebt e reklamave t\u00eb pal\u00ebve t\u00eb treta ose rrjetet e reklamave p\u00ebrdorin teknologji si cookies, JavaScript ose Web Beacons q\u00eb p\u00ebrdoren n\u00eb reklamat e tyre p\u00ebrkat\u00ebse dhe lidhjet q\u00eb shfaqen n\u00eb Arkitekti Im, t\u00eb cilat d\u00ebrgohen drejtp\u00ebrdrejt n\u00eb shfletuesin e p\u00ebrdoruesve. Ata marrin automatikisht adres\u00ebn tuaj IP kur kjo ndodh. K\u00ebto teknologji p\u00ebrdoren p\u00ebr t\u00eb matur efektivitetin e fushatave t\u00eb tyre reklamuese dhe\/ose p\u00ebr t\u00eb personalizuar p\u00ebrmbajtjen reklamuese q\u00eb shihni n\u00eb faqet e internetit q\u00eb vizitoni.\n<br> <br>\nVini re se Arkitekti Im nuk ka qasje ose kontroll mbi k\u00ebto cookie q\u00eb p\u00ebrdoren nga reklamues t\u00eb pal\u00ebve t\u00eb treta.\t\t\t\t\t\t\t\t<\/div>\n\t\t\t\t<\/div>\n\t\t\t\t<div class=\"elementor-element elementor-element-5269b9c5 elementor-widget elementor-widget-heading\" data-id=\"5269b9c5\" data-element_type=\"widget\" data-e-type=\"widget\" data-widget_type=\"heading.default\">\n\t\t\t\t<div class=\"elementor-widget-container\">\n\t\t\t\t\t<h2 class=\"elementor-heading-title elementor-size-default\">Politikat e Privat\u00ebsis\u00eb s\u00eb Pal\u00ebve t\u00eb Treta<\/h2>\t\t\t\t<\/div>\n\t\t\t\t<\/div>\n\t\t\t\t<div class=\"elementor-element elementor-element-6db0141c elementor-widget elementor-widget-text-editor\" data-id=\"6db0141c\" data-element_type=\"widget\" data-e-type=\"widget\" data-widget_type=\"text-editor.default\">\n\t\t\t\t<div class=\"elementor-widget-container\">\n\t\t\t\t\t\t\t\t\tPolitika e privat\u00ebsis\u00eb e Arkitekti Im nuk zbatohet p\u00ebr reklamuesit ose faqet e internetit t\u00eb tjera. K\u00ebshtu, ne po ju k\u00ebshillojm\u00eb t\u00eb konsultoni politikat p\u00ebrkat\u00ebse t\u00eb privat\u00ebsis\u00eb s\u00eb k\u00ebtyre server\u00ebve t\u00eb reklamave t\u00eb pal\u00ebve t\u00eb treta p\u00ebr informacion m\u00eb t\u00eb detajuar. Mund t\u00eb p\u00ebrfshij\u00eb praktikat dhe udh\u00ebzimet e tyre se si t\u00eb t\u00ebrhiqeni nga disa opsione.\n<br> <br>\nJu mund t\u00eb zgjidhni t\u00eb \u00e7aktivizoni cookies p\u00ebrmes opsioneve individuale t\u00eb shfletuesit tuaj. P\u00ebr t\u00eb ditur m\u00eb shum\u00eb informacion t\u00eb detajuar rreth menaxhimit t\u00eb cookie-ve me shfletues t\u00eb ve\u00e7ant\u00eb t\u00eb internetit, ai mund t\u00eb gjendet n\u00eb faqet e internetit p\u00ebrkat\u00ebse t\u00eb shfletuesve.\t\t\t\t\t\t\t\t<\/div>\n\t\t\t\t<\/div>\n\t\t\t\t<div class=\"elementor-element elementor-element-2bc64d18 elementor-widget elementor-widget-heading\" data-id=\"2bc64d18\" data-element_type=\"widget\" data-e-type=\"widget\" data-widget_type=\"heading.default\">\n\t\t\t\t<div class=\"elementor-widget-container\">\n\t\t\t\t\t<h2 class=\"elementor-heading-title elementor-size-default\">Informacion p\u00ebr F\u00ebmij\u00ebt<\/h2>\t\t\t\t<\/div>\n\t\t\t\t<\/div>\n\t\t\t\t<div class=\"elementor-element elementor-element-6ca3d2e7 elementor-widget elementor-widget-text-editor\" data-id=\"6ca3d2e7\" data-element_type=\"widget\" data-e-type=\"widget\" data-widget_type=\"text-editor.default\">\n\t\t\t\t<div class=\"elementor-widget-container\">\n\t\t\t\t\t\t\t\t\tNj\u00eb pjes\u00eb tjet\u00ebr e prioritetit ton\u00eb \u00ebsht\u00eb shtimi i mbrojtjes p\u00ebr f\u00ebmij\u00ebt gjat\u00eb p\u00ebrdorimit t\u00eb internetit. Ne inkurajojm\u00eb prind\u00ebrit dhe kujdestar\u00ebt t\u00eb v\u00ebzhgojn\u00eb, t\u00eb marrin pjes\u00eb dhe\/ose t\u00eb monitorojn\u00eb dhe drejtojn\u00eb aktivitetin e tyre n\u00eb internet.\n<br> <br>\nArkitekti Im nuk mbledh me vet\u00ebdije asnj\u00eb informacion personal t\u00eb identifikuesh\u00ebm nga f\u00ebmij\u00ebt n\u00ebn mosh\u00ebn 13 vje\u00e7. N\u00ebse mendoni se f\u00ebmija juaj ka dh\u00ebn\u00eb k\u00ebt\u00eb lloj informacioni n\u00eb faqen ton\u00eb t\u00eb internetit, ju inkurajojm\u00eb fuqimisht t\u00eb na kontaktoni menj\u00ebher\u00eb dhe ne do t\u00eb b\u00ebjm\u00eb \u00e7do p\u00ebrpjekje p\u00ebr t\u00eb hiqni nj\u00eb informacion t\u00eb till\u00eb nga t\u00eb dh\u00ebnat tona.\t\t\t\t\t\t\t\t<\/div>\n\t\t\t\t<\/div>\n\t\t\t\t<div class=\"elementor-element elementor-element-58620adf elementor-widget elementor-widget-heading\" data-id=\"58620adf\" data-element_type=\"widget\" data-e-type=\"widget\" data-widget_type=\"heading.default\">\n\t\t\t\t<div class=\"elementor-widget-container\">\n\t\t\t\t\t<h2 class=\"elementor-heading-title elementor-size-default\">Vet\u00ebm Politika e Privat\u00ebsis\u00eb n\u00eb Internet<\/h2>\t\t\t\t<\/div>\n\t\t\t\t<\/div>\n\t\t\t\t<div class=\"elementor-element elementor-element-42b65edf elementor-widget elementor-widget-text-editor\" data-id=\"42b65edf\" data-element_type=\"widget\" data-e-type=\"widget\" data-widget_type=\"text-editor.default\">\n\t\t\t\t<div class=\"elementor-widget-container\">\n\t\t\t\t\t\t\t\t\tBy using our website, you hereby consent to our Privacy Policy and agree to its terms.\t\t\t\t\t\t\t\t<\/div>\n\t\t\t\t<\/div>\n\t\t\t\t<div class=\"elementor-element elementor-element-3b8175c1 elementor-widget elementor-widget-heading\" data-id=\"3b8175c1\" data-element_type=\"widget\" data-e-type=\"widget\" data-widget_type=\"heading.default\">\n\t\t\t\t<div class=\"elementor-widget-container\">\n\t\t\t\t\t<h2 class=\"elementor-heading-title elementor-size-default\">Miratimi<\/h2>\t\t\t\t<\/div>\n\t\t\t\t<\/div>\n\t\t\t\t<div class=\"elementor-element elementor-element-7124bedb elementor-widget elementor-widget-text-editor\" data-id=\"7124bedb\" data-element_type=\"widget\" data-e-type=\"widget\" data-widget_type=\"text-editor.default\">\n\t\t\t\t<div class=\"elementor-widget-container\">\n\t\t\t\t\t\t\t\t\tDuke p\u00ebrdorur faqen ton\u00eb t\u00eb internetit, ju pranoni politik\u00ebn ton\u00eb t\u00eb privat\u00ebsis\u00eb dhe pranoni kushtet e saj.\t\t\t\t\t\t\t\t<\/div>\n\t\t\t\t<\/div>\n\t\t\t\t\t<\/div>\n\t\t<\/div>\n\t\t\t\t\t<\/div>\n\t\t<\/section>\n\t\t\t\t\t<\/div>\n\t\t<\/div>\n\t\t\t\t\t<\/div>\n\t\t<\/section>\n\t\t\t\t<\/div>\n\t\t","protected":false},"excerpt":{"rendered":"<p>Rregullore e P\u00ebrgjithshme P\u00ebr Mbrojtjen e t\u00eb Dh\u00ebnave P\u00ebr Arkitekti Im N\u00eb Arkitekti Im, i aksesuesh\u00ebm nga https:\/\/arkitekti-im.com\/, nj\u00eb nga prioritetet tona kryesore \u00ebsht\u00eb privat\u00ebsia e vizitor\u00ebve tan\u00eb. Ky dokument Politika e privat\u00ebsis\u00eb p\u00ebrmban lloje t\u00eb informacionit q\u00eb mblidhet dhe regjistrohet nga Arkitekti Im dhe si e p\u00ebrdorim at\u00eb. If you have additional questions or &hellip;<\/p>\n<p class=\"read-more\"> <a class=\"\" href=\"https:\/\/arkitekti-im.com\/sq\/rregullore-e-pergjithshme-per-mbrojtjen-e-te-dhenave\/\"> <span class=\"screen-reader-text\">GDRP<\/span> Read More &raquo;<\/a><\/p>\n","protected":false},"author":1,"featured_media":0,"parent":0,"menu_order":0,"comment_status":"closed","ping_status":"closed","template":"","meta":{"site-sidebar-layout":"no-sidebar","site-content-layout":"page-builder","ast-global-header-display":"","ast-main-header-display":"","ast-hfb-above-header-display":"","ast-hfb-below-header-display":"","ast-hfb-mobile-header-display":"","site-post-title":"disabled","ast-breadcrumbs-content":"","ast-featured-img":"disabled","footer-sml-layout":"","theme-transparent-header-meta":"","adv-header-id-meta":"","stick-header-meta":"","header-above-stick-meta":"","header-main-stick-meta":"","header-below-stick-meta":"","_jet_sm_ready_style":"","_jet_sm_style":"","_jet_sm_controls_values":"","_jet_sm_fonts_collection":"","_jet_sm_fonts_links":"","footnotes":""},"class_list":["post-157","page","type-page","status-publish","hentry"],"_links":{"self":[{"href":"https:\/\/arkitekti-im.com\/sq\/wp-json\/wp\/v2\/pages\/157","targetHints":{"allow":["GET"]}}],"collection":[{"href":"https:\/\/arkitekti-im.com\/sq\/wp-json\/wp\/v2\/pages"}],"about":[{"href":"https:\/\/arkitekti-im.com\/sq\/wp-json\/wp\/v2\/types\/page"}],"author":[{"embeddable":true,"href":"https:\/\/arkitekti-im.com\/sq\/wp-json\/wp\/v2\/users\/1"}],"replies":[{"embeddable":true,"href":"https:\/\/arkitekti-im.com\/sq\/wp-json\/wp\/v2\/comments?post=157"}],"version-history":[{"count":0,"href":"https:\/\/arkitekti-im.com\/sq\/wp-json\/wp\/v2\/pages\/157\/revisions"}],"wp:attachment":[{"href":"https:\/\/arkitekti-im.com\/sq\/wp-json\/wp\/v2\/media?parent=157"}],"curies":[{"name":"wp","href":"https:\/\/api.w.org\/{rel}","templated":true}]}}